{"id":6815,"date":"2016-07-04T20:53:23","date_gmt":"2016-07-04T20:53:23","guid":{"rendered":"http:\/\/colegioapumanque.cl\/apumanque\/?page_id=6815"},"modified":"2016-10-07T21:05:14","modified_gmt":"2016-10-07T21:05:14","slug":"historia","status":"publish","type":"page","link":"http:\/\/colegioapumanque.cl\/apumanque\/historia\/","title":{"rendered":"Historia"},"content":{"rendered":"<div id=\"pl-6815\"  class=\"panel-layout\" ><div id=\"pg-6815-0\"  class=\"panel-grid panel-no-style\" ><div id=\"pgc-6815-0-0\"  class=\"panel-grid-cell panel-grid-cell-empty\" ><\/div><\/div><div id=\"pg-6815-1\"  class=\"panel-grid panel-has-style\" ><div class=\"panel-row-style panel-row-style-for-6815-1\" ><div id=\"pgc-6815-1-0\"  class=\"panel-grid-cell\" ><div id=\"panel-6815-1-0-0\" class=\"so-panel widget widget_text panel-first-child\" data-index=\"0\" >\t\t\t<div class=\"textwidget\"><p style=\"text-align: justify;\">El Colegio Apumanque abri\u00f3 sus puertas el a\u00f1o 1998 como una propuesta educacional de Excelencia Educativa para la Comuna de La Calera. Sus fundadores fueron Osvaldo Orellana D\u00edaz, m\u00e9dico, y su esposa, Educadora de P\u00e1rvulos, Sara Ot\u00e1rola Navarrete. Ellos fueron quienes concibieron la necesidad de abrir un espacio educativo en donde los estudiantes no tan solo se caracterizaran por alcanzar rendimientos acad\u00e9micos destacados, sino que tambi\u00e9n, se formaran como personas integrales, cr\u00edticas, ciudadanos activos, conscientes de lo que son y de lo que quieren ser.<\/p>\n<p style=\"text-align: justify;\">En funci\u00f3n de esa inquietud, el Colegio Apumanque se traz\u00f3 como misi\u00f3n<b> \u201cBrindar una educaci\u00f3n que permita descubrir y estimular las capacidades, habilidades y destrezas que contribuyen al desarrollo integral de nuestros alumnos y alumnas\u201d<\/b>, anhelo que, con el transcurrir de los a\u00f1os, se ha visto materializado, pues hemos sido testigos del reconocimiento con el que han sido distinguidos nuestros estudiantes por un sinn\u00famero de instituciones, ya sea por su destacado desempe\u00f1o y logros acad\u00e9micos, por su desempe\u00f1o y logros deportivos y\/o art\u00edsticos y, por sobre todo, por su evidente calidad personal. <\/p>\n<p style=\"text-align: justify;\">El Colegio comenz\u00f3 con los cursos de 1\u00b0, 2\u00b0 y 3\u00b0 A\u00f1o de Educaci\u00f3n B\u00e1sica, logrando en el tiempo crecer sustancialmente en matr\u00edcula, infraestructura y nivel acad\u00e9mico. Hacia el a\u00f1o 2004 se implementa la Educaci\u00f3n Media Cient\u00edfico-Humanista y el a\u00f1o 2007 egres\u00f3 su primera generaci\u00f3n. Hoy, cuenta con 29 cursos, desde Educaci\u00f3n Parvularia a 4\u00b0 A\u00f1o de Ense\u00f1anza Media, y se ha convertido en uno de los establecimientos educacionales de mayor prestigio en la zona.<\/p>\n<p style=\"text-align: justify;\">Cabe indicar, que el Colegio ha refrendado su trabajo educativo en toda medici\u00f3n externa a nivel nacional (SIMCE y PSU), en donde nuestros estudiantes han evidenciado la solidez de sus aprendizajes. De ah\u00ed, que SIMCE nos permita siempre destacar en nuestra regi\u00f3n y que nuestros egresados hoy sigan sus estudios en las mejores Universidades del pa\u00eds. Por otra parte, tambi\u00e9n nos llena de orgullo la serie de distinciones, a nivel regional, nacional e internacional, que han obtenido nuestras ramas de ajedrez, taekwon-do, b\u00e1squetbol, f\u00fatbol, tenis de mesa; as\u00ed como nuestras cuadrillas de arte y grupos de m\u00fasica.<\/p>\n<\/div>\n\t\t<\/div><div id=\"panel-6815-1-0-1\" class=\"so-panel widget widget_single-images panel-last-child\" data-index=\"1\" ><div class=\"thim-widget-single-images thim-widget-single-images-base\"><div class=\"single-image text-left\"><img src =\"http:\/\/colegioapumanque.cl\/apumanque\/wp-content\/uploads\/2016\/07\/img-historia-colegio2.png\"  alt=\"\"\/><\/div><\/div><\/div><\/div><div id=\"pgc-6815-1-1\"  class=\"panel-grid-cell\" ><div id=\"panel-6815-1-1-0\" class=\"so-panel widget widget_single-images panel-first-child\" data-index=\"2\" ><div class=\"thim-widget-single-images thim-widget-single-images-base\"><div class=\"single-image text-left\"><img src =\"http:\/\/colegioapumanque.cl\/apumanque\/wp-content\/uploads\/2016\/07\/img-historia-colegio.png\"  alt=\"\"\/><\/div><\/div><\/div><div id=\"panel-6815-1-1-1\" class=\"so-panel widget widget_text panel-last-child\" data-index=\"3\" >\t\t\t<div class=\"textwidget\"><p style=\"text-align: justify;\">Lo anterior, no ser\u00eda posible sin la dedicaci\u00f3n profesional de un cuerpo docente altamente calificado y comprometido con la constante mejora de sus pr\u00e1cticas pedag\u00f3gicas, las que, sin duda, tienen directo impacto en los aprendizajes de nuestros estudiantes. As\u00ed, la compa\u00f1\u00eda profesional que nuestros Profesores dan a nuestros estudiantes en el camino que sus metas e ideales han trazado, es un capital invaluable, que asegura el logro de lo querido. <\/p>\n<p style=\"text-align: justify;\">De alguna manera, tenemos la convicci\u00f3n de que el aprendizaje es una puerta de entrada a otros mundos, una puerta que invita a ser j\u00f3venes libres y con identidad. En este tenor, Colegio Apumanque, los invita a confiar en nuestro Proyecto Educativo.<\/p>\n<\/div>\n\t\t<\/div><\/div><\/div><\/div><\/div>","protected":false},"excerpt":{"rendered":"<p>El Colegio Apumanque abri\u00f3 sus puertas el a\u00f1o 1998 como una propuesta educacional de Excelencia Educativa para la Comuna de La Calera. Sus fundadores fueron Osvaldo Orellana D\u00edaz, m\u00e9dico, y su esposa, Educadora de P\u00e1rvulos, Sara Ot\u00e1rola Navarrete. Ellos fueron [&hellip;]<\/p>\n","protected":false},"author":1,"featured_media":0,"parent":0,"menu_order":0,"comment_status":"closed","ping_status":"closed","template":"","meta":[],"_links":{"self":[{"href":"http:\/\/colegioapumanque.cl\/apumanque\/wp-json\/wp\/v2\/pages\/6815"}],"collection":[{"href":"http:\/\/colegioapumanque.cl\/apumanque\/wp-json\/wp\/v2\/pages"}],"about":[{"href":"http:\/\/colegioapumanque.cl\/apumanque\/wp-json\/wp\/v2\/types\/page"}],"author":[{"embeddable":true,"href":"http:\/\/colegioapumanque.cl\/apumanque\/wp-json\/wp\/v2\/users\/1"}],"replies":[{"embeddable":true,"href":"http:\/\/colegioapumanque.cl\/apumanque\/wp-json\/wp\/v2\/comments?post=6815"}],"version-history":[{"count":15,"href":"http:\/\/colegioapumanque.cl\/apumanque\/wp-json\/wp\/v2\/pages\/6815\/revisions"}],"predecessor-version":[{"id":7115,"href":"http:\/\/colegioapumanque.cl\/apumanque\/wp-json\/wp\/v2\/pages\/6815\/revisions\/7115"}],"wp:attachment":[{"href":"http:\/\/colegioapumanque.cl\/apumanque\/wp-json\/wp\/v2\/media?parent=6815"}],"curies":[{"name":"wp","href":"https:\/\/api.w.org\/{rel}","templated":true}]}}