{"id":7005,"date":"2016-09-01T21:50:33","date_gmt":"2016-09-01T21:50:33","guid":{"rendered":"http:\/\/colegioapumanque.cl\/apumanque\/?page_id=7005"},"modified":"2016-10-07T19:47:26","modified_gmt":"2016-10-07T19:47:26","slug":"educacion-media","status":"publish","type":"page","link":"http:\/\/colegioapumanque.cl\/apumanque\/educacion-media\/","title":{"rendered":"Educaci\u00f3n Media"},"content":{"rendered":"<div id=\"pl-7005\"  class=\"panel-layout\" ><div id=\"pg-7005-0\"  class=\"panel-grid panel-no-style\" ><div id=\"pgc-7005-0-0\"  class=\"panel-grid-cell panel-grid-cell-empty\" ><\/div><\/div><div id=\"pg-7005-1\"  class=\"panel-grid panel-has-style\" ><div class=\"panel-row-style panel-row-style-for-7005-1\" ><div id=\"pgc-7005-1-0\"  class=\"panel-grid-cell\" ><div id=\"panel-7005-1-0-0\" class=\"so-panel widget widget_heading panel-first-child\" data-index=\"0\" ><div class=\"thim-widget-heading thim-widget-heading-base\"><div class=\"sc_heading text-left\"><h3 class=\"title\">Educaci\u00f3n <span class=\"thim-color\"> Media<\/span><\/h3><span class=\"line\"><\/span><\/div><\/div><\/div><div id=\"panel-7005-1-0-1\" class=\"so-panel widget widget_text panel-last-child\" data-index=\"1\" >\t\t\t<div class=\"textwidget\"><p style=\"text-align: justify;\">La Educaci\u00f3n Media tiene por finalidad procurar que cada alumno expanda y profundice su formaci\u00f3n general y desarrolle los conocimientos, habilidades y actitudes que le permitan ejercer una ciudadan\u00eda activa e integrarse a la sociedad. Este nivel educativo ofrece una formaci\u00f3n general com\u00fan y formaciones diferenciadas. Estas son la human\u00edstico-cient\u00edfica, t\u00e9cnico-profesional y art\u00edstica, u otras que se podr\u00e1n determinar a trav\u00e9s de las referidas bases curriculares.<\/p>\n<\/div>\n\t\t<\/div><\/div><div id=\"pgc-7005-1-1\"  class=\"panel-grid-cell\" ><div id=\"panel-7005-1-1-0\" class=\"so-panel widget widget_single-images panel-first-child panel-last-child\" data-index=\"2\" ><div class=\"thim-widget-single-images thim-widget-single-images-base\"><div class=\"single-image text-left\"><img src =\"http:\/\/colegioapumanque.cl\/apumanque\/wp-content\/uploads\/2016\/09\/img-educacion-media.jpg\"  alt=\"\"\/><\/div><\/div><\/div><\/div><\/div><\/div><\/div>","protected":false},"excerpt":{"rendered":"<p>La Educaci\u00f3n Media tiene por finalidad procurar que cada alumno expanda y profundice su formaci\u00f3n general y desarrolle los conocimientos, habilidades y actitudes que le permitan ejercer una ciudadan\u00eda activa e integrarse a la sociedad. Este nivel educativo ofrece una [&hellip;]<\/p>\n","protected":false},"author":1,"featured_media":0,"parent":0,"menu_order":0,"comment_status":"closed","ping_status":"closed","template":"","meta":[],"_links":{"self":[{"href":"http:\/\/colegioapumanque.cl\/apumanque\/wp-json\/wp\/v2\/pages\/7005"}],"collection":[{"href":"http:\/\/colegioapumanque.cl\/apumanque\/wp-json\/wp\/v2\/pages"}],"about":[{"href":"http:\/\/colegioapumanque.cl\/apumanque\/wp-json\/wp\/v2\/types\/page"}],"author":[{"embeddable":true,"href":"http:\/\/colegioapumanque.cl\/apumanque\/wp-json\/wp\/v2\/users\/1"}],"replies":[{"embeddable":true,"href":"http:\/\/colegioapumanque.cl\/apumanque\/wp-json\/wp\/v2\/comments?post=7005"}],"version-history":[{"count":3,"href":"http:\/\/colegioapumanque.cl\/apumanque\/wp-json\/wp\/v2\/pages\/7005\/revisions"}],"predecessor-version":[{"id":7038,"href":"http:\/\/colegioapumanque.cl\/apumanque\/wp-json\/wp\/v2\/pages\/7005\/revisions\/7038"}],"wp:attachment":[{"href":"http:\/\/colegioapumanque.cl\/apumanque\/wp-json\/wp\/v2\/media?parent=7005"}],"curies":[{"name":"wp","href":"https:\/\/api.w.org\/{rel}","templated":true}]}}